{"id":16,"date":"2022-08-28T16:27:34","date_gmt":"2022-08-28T16:27:34","guid":{"rendered":"http:\/\/grealo4pilans.org\/?page_id=16"},"modified":"2022-08-28T16:52:52","modified_gmt":"2022-08-28T16:52:52","slug":"contact","status":"publish","type":"page","link":"https:\/\/grealo4pilans.org\/?page_id=16","title":{"rendered":"Contacte"},"content":{"rendered":"\n<p>Podeu contactar amb l&#8217;associaci\u00f3 al correu electr\u00f2nic:<\/p>\n\n\n\n<p><a rel=\"noreferrer noopener\" href=\"mailto:info@admingrealo4pilans.org\" target=\"_blank\">info<\/a><a href=\"info@grealo4pilans.org\">@grealo4pilans.org<\/a><\/p>\n\n\n\n<p>Per tel\u00e8fon o Whatsapp al:<\/p>\n\n\n\n<p><strong><mark style=\"background-color:#f5efe0\" class=\"has-inline-color has-primary-color\">624397736<\/mark><\/strong><\/p>\n\n\n\n<figure class=\"wp-block-image size-large\"><img loading=\"lazy\" decoding=\"async\" width=\"1024\" height=\"767\" src=\"http:\/\/grealo4pilans.org\/wp-content\/uploads\/2022\/08\/WhatsApp-Image-2022-08-28-at-18.49.27-3-1024x767.jpeg\" alt=\"\" class=\"wp-image-47\" srcset=\"https:\/\/grealo4pilans.org\/wp-content\/uploads\/2022\/08\/WhatsApp-Image-2022-08-28-at-18.49.27-3-1024x767.jpeg 1024w, https:\/\/grealo4pilans.org\/wp-content\/uploads\/2022\/08\/WhatsApp-Image-2022-08-28-at-18.49.27-3-300x225.jpeg 300w, https:\/\/grealo4pilans.org\/wp-content\/uploads\/2022\/08\/WhatsApp-Image-2022-08-28-at-18.49.27-3-768x575.jpeg 768w, https:\/\/grealo4pilans.org\/wp-content\/uploads\/2022\/08\/WhatsApp-Image-2022-08-28-at-18.49.27-3-1536x1150.jpeg 1536w, https:\/\/grealo4pilans.org\/wp-content\/uploads\/2022\/08\/WhatsApp-Image-2022-08-28-at-18.49.27-3-1200x899.jpeg 1200w, https:\/\/grealo4pilans.org\/wp-content\/uploads\/2022\/08\/WhatsApp-Image-2022-08-28-at-18.49.27-3.jpeg 1600w\" sizes=\"auto, (max-width: 1024px) 100vw, 1024px\" \/><\/figure>\n","protected":false},"excerpt":{"rendered":"<p>Podeu contactar amb l&#8217;associaci\u00f3 al correu electr\u00f2nic: info@grealo4pilans.org Per tel\u00e8fon o Whatsapp al: 624397736<\/p>\n","protected":false},"author":1,"featured_media":0,"parent":0,"menu_order":0,"comment_status":"closed","ping_status":"closed","template":"","meta":{"footnotes":""},"class_list":["post-16","page","type-page","status-publish","hentry"],"yoast_head":"<!-- This site is optimized with the Yoast SEO plugin v19.6 - https:\/\/yoast.com\/wordpress\/plugins\/seo\/ -->\n<title>Contacte - Associaci\u00f3 de Ve\u00efns de Torres de Greal\u00f3 i Quatre Pilans de Lleida<\/title>\n<meta name=\"robots\" content=\"index, follow, max-snippet:-1, max-image-preview:large, max-video-preview:-1\" \/>\n<link rel=\"canonical\" href=\"https:\/\/grealo4pilans.org\/?page_id=16\" \/>\n<meta property=\"og:locale\" content=\"ca_ES\" \/>\n<meta property=\"og:type\" content=\"article\" \/>\n<meta property=\"og:title\" content=\"Contacte - Associaci\u00f3 de Ve\u00efns de Torres de Greal\u00f3 i Quatre Pilans de Lleida\" \/>\n<meta property=\"og:description\" content=\"Podeu contactar amb l&#8217;associaci\u00f3 al correu electr\u00f2nic: info@grealo4pilans.org Per tel\u00e8fon o Whatsapp al: 624397736\" \/>\n<meta property=\"og:url\" content=\"https:\/\/grealo4pilans.org\/?page_id=16\" \/>\n<meta property=\"og:site_name\" content=\"Associaci\u00f3 de Ve\u00efns de Torres de Greal\u00f3 i Quatre Pilans de Lleida\" \/>\n<meta property=\"article:modified_time\" content=\"2022-08-28T16:52:52+00:00\" \/>\n<meta property=\"og:image\" content=\"http:\/\/grealo4pilans.org\/wp-content\/uploads\/2022\/08\/WhatsApp-Image-2022-08-28-at-18.49.27-3-1024x767.jpeg\" \/>\n<meta name=\"twitter:card\" content=\"summary_large_image\" \/>\n<script type=\"application\/ld+json\" class=\"yoast-schema-graph\">{\"@context\":\"https:\/\/schema.org\",\"@graph\":[{\"@type\":\"WebPage\",\"@id\":\"https:\/\/grealo4pilans.org\/?page_id=16\",\"url\":\"https:\/\/grealo4pilans.org\/?page_id=16\",\"name\":\"Contacte - Associaci\u00f3 de Ve\u00efns de Torres de Greal\u00f3 i Quatre Pilans de Lleida\",\"isPartOf\":{\"@id\":\"https:\/\/grealo4pilans.org\/#website\"},\"datePublished\":\"2022-08-28T16:27:34+00:00\",\"dateModified\":\"2022-08-28T16:52:52+00:00\",\"breadcrumb\":{\"@id\":\"https:\/\/grealo4pilans.org\/?page_id=16#breadcrumb\"},\"inLanguage\":\"ca\",\"potentialAction\":[{\"@type\":\"ReadAction\",\"target\":[\"https:\/\/grealo4pilans.org\/?page_id=16\"]}]},{\"@type\":\"BreadcrumbList\",\"@id\":\"https:\/\/grealo4pilans.org\/?page_id=16#breadcrumb\",\"itemListElement\":[{\"@type\":\"ListItem\",\"position\":1,\"name\":\"Home\",\"item\":\"https:\/\/grealo4pilans.org\/\"},{\"@type\":\"ListItem\",\"position\":2,\"name\":\"Contacte\"}]},{\"@type\":\"WebSite\",\"@id\":\"https:\/\/grealo4pilans.org\/#website\",\"url\":\"https:\/\/grealo4pilans.org\/\",\"name\":\"Associaci\u00f3 de Ve\u00efns de Torres de Greal\u00f3 i Quatre Pilans de Lleida\",\"description\":\"\",\"publisher\":{\"@id\":\"https:\/\/grealo4pilans.org\/#organization\"},\"potentialAction\":[{\"@type\":\"SearchAction\",\"target\":{\"@type\":\"EntryPoint\",\"urlTemplate\":\"https:\/\/grealo4pilans.org\/?s={search_term_string}\"},\"query-input\":\"required name=search_term_string\"}],\"inLanguage\":\"ca\"},{\"@type\":\"Organization\",\"@id\":\"https:\/\/grealo4pilans.org\/#organization\",\"name\":\"Associaci\u00f3 de Ve\u00efns de Torres de Greal\u00f3 i Quatre Pilans de Lleida\",\"url\":\"https:\/\/grealo4pilans.org\/\",\"sameAs\":[],\"logo\":{\"@type\":\"ImageObject\",\"inLanguage\":\"ca\",\"@id\":\"https:\/\/grealo4pilans.org\/#\/schema\/logo\/image\/\",\"url\":\"https:\/\/grealo4pilans.org\/wp-content\/uploads\/2022\/08\/WhatsApp-Image-2022-08-28-at-18.40.28-1.jpeg\",\"contentUrl\":\"https:\/\/grealo4pilans.org\/wp-content\/uploads\/2022\/08\/WhatsApp-Image-2022-08-28-at-18.40.28-1.jpeg\",\"width\":1600,\"height\":900,\"caption\":\"Associaci\u00f3 de Ve\u00efns de Torres de Greal\u00f3 i Quatre Pilans de Lleida\"},\"image\":{\"@id\":\"https:\/\/grealo4pilans.org\/#\/schema\/logo\/image\/\"}}]}<\/script>\n<!-- \/ Yoast SEO plugin. -->","yoast_head_json":{"title":"Contacte - Associaci\u00f3 de Ve\u00efns de Torres de Greal\u00f3 i Quatre Pilans de Lleida","robots":{"index":"index","follow":"follow","max-snippet":"max-snippet:-1","max-image-preview":"max-image-preview:large","max-video-preview":"max-video-preview:-1"},"canonical":"https:\/\/grealo4pilans.org\/?page_id=16","og_locale":"ca_ES","og_type":"article","og_title":"Contacte - Associaci\u00f3 de Ve\u00efns de Torres de Greal\u00f3 i Quatre Pilans de Lleida","og_description":"Podeu contactar amb l&#8217;associaci\u00f3 al correu electr\u00f2nic: info@grealo4pilans.org Per tel\u00e8fon o Whatsapp al: 624397736","og_url":"https:\/\/grealo4pilans.org\/?page_id=16","og_site_name":"Associaci\u00f3 de Ve\u00efns de Torres de Greal\u00f3 i Quatre Pilans de Lleida","article_modified_time":"2022-08-28T16:52:52+00:00","og_image":[{"url":"http:\/\/grealo4pilans.org\/wp-content\/uploads\/2022\/08\/WhatsApp-Image-2022-08-28-at-18.49.27-3-1024x767.jpeg"}],"twitter_card":"summary_large_image","schema":{"@context":"https:\/\/schema.org","@graph":[{"@type":"WebPage","@id":"https:\/\/grealo4pilans.org\/?page_id=16","url":"https:\/\/grealo4pilans.org\/?page_id=16","name":"Contacte - Associaci\u00f3 de Ve\u00efns de Torres de Greal\u00f3 i Quatre Pilans de Lleida","isPartOf":{"@id":"https:\/\/grealo4pilans.org\/#website"},"datePublished":"2022-08-28T16:27:34+00:00","dateModified":"2022-08-28T16:52:52+00:00","breadcrumb":{"@id":"https:\/\/grealo4pilans.org\/?page_id=16#breadcrumb"},"inLanguage":"ca","potentialAction":[{"@type":"ReadAction","target":["https:\/\/grealo4pilans.org\/?page_id=16"]}]},{"@type":"BreadcrumbList","@id":"https:\/\/grealo4pilans.org\/?page_id=16#breadcrumb","itemListElement":[{"@type":"ListItem","position":1,"name":"Home","item":"https:\/\/grealo4pilans.org\/"},{"@type":"ListItem","position":2,"name":"Contacte"}]},{"@type":"WebSite","@id":"https:\/\/grealo4pilans.org\/#website","url":"https:\/\/grealo4pilans.org\/","name":"Associaci\u00f3 de Ve\u00efns de Torres de Greal\u00f3 i Quatre Pilans de Lleida","description":"","publisher":{"@id":"https:\/\/grealo4pilans.org\/#organization"},"potentialAction":[{"@type":"SearchAction","target":{"@type":"EntryPoint","urlTemplate":"https:\/\/grealo4pilans.org\/?s={search_term_string}"},"query-input":"required name=search_term_string"}],"inLanguage":"ca"},{"@type":"Organization","@id":"https:\/\/grealo4pilans.org\/#organization","name":"Associaci\u00f3 de Ve\u00efns de Torres de Greal\u00f3 i Quatre Pilans de Lleida","url":"https:\/\/grealo4pilans.org\/","sameAs":[],"logo":{"@type":"ImageObject","inLanguage":"ca","@id":"https:\/\/grealo4pilans.org\/#\/schema\/logo\/image\/","url":"https:\/\/grealo4pilans.org\/wp-content\/uploads\/2022\/08\/WhatsApp-Image-2022-08-28-at-18.40.28-1.jpeg","contentUrl":"https:\/\/grealo4pilans.org\/wp-content\/uploads\/2022\/08\/WhatsApp-Image-2022-08-28-at-18.40.28-1.jpeg","width":1600,"height":900,"caption":"Associaci\u00f3 de Ve\u00efns de Torres de Greal\u00f3 i Quatre Pilans de Lleida"},"image":{"@id":"https:\/\/grealo4pilans.org\/#\/schema\/logo\/image\/"}}]}},"_links":{"self":[{"href":"https:\/\/grealo4pilans.org\/index.php?rest_route=\/wp\/v2\/pages\/16","targetHints":{"allow":["GET"]}}],"collection":[{"href":"https:\/\/grealo4pilans.org\/index.php?rest_route=\/wp\/v2\/pages"}],"about":[{"href":"https:\/\/grealo4pilans.org\/index.php?rest_route=\/wp\/v2\/types\/page"}],"author":[{"embeddable":true,"href":"https:\/\/grealo4pilans.org\/index.php?rest_route=\/wp\/v2\/users\/1"}],"replies":[{"embeddable":true,"href":"https:\/\/grealo4pilans.org\/index.php?rest_route=%2Fwp%2Fv2%2Fcomments&post=16"}],"version-history":[{"count":5,"href":"https:\/\/grealo4pilans.org\/index.php?rest_route=\/wp\/v2\/pages\/16\/revisions"}],"predecessor-version":[{"id":48,"href":"https:\/\/grealo4pilans.org\/index.php?rest_route=\/wp\/v2\/pages\/16\/revisions\/48"}],"wp:attachment":[{"href":"https:\/\/grealo4pilans.org\/index.php?rest_route=%2Fwp%2Fv2%2Fmedia&parent=16"}],"curies":[{"name":"wp","href":"https:\/\/api.w.org\/{rel}","templated":true}]}}