{"id":92,"date":"2022-09-04T09:00:07","date_gmt":"2022-09-04T09:00:07","guid":{"rendered":"https:\/\/grealo4pilans.org\/?page_id=92"},"modified":"2022-09-25T11:10:30","modified_gmt":"2022-09-25T11:10:30","slug":"salvem-lleida","status":"publish","type":"page","link":"https:\/\/grealo4pilans.org\/","title":{"rendered":"Salvem Lleida !"},"content":{"rendered":"\n<p><\/p>\n\n\n\n<p>Des de l&#8217;associaci\u00f3 defensem un creixement sostenible de Lleida. Tenim importants reptes a l&#8217;horitz\u00f3, el <strong>canvi clim\u00e0tic<\/strong> es un fet i cal emprendre mesures fermes per <strong>aturar-lo<\/strong>. Lleida aquest estiu n&#8217;est\u00e0 patint els efectes. Creiem que entre tots hem d&#8217;aportar el nostre gra de sorra, per fer-ho possible. <\/p>\n\n\n\n<p><strong>Destruir les partides de Greal\u00f3 i Quatre Pilans de Lleida<\/strong>, en nom del progr\u00e9s, no creiem que sigui el cam\u00ed correcte. <\/p>\n\n\n\n<p><strong>Cr\u00e9ixer si, per\u00f2 amb seny<\/strong>, Lleida necessita petits pol\u00edgons amb ind\u00fastria agroaliment\u00e0ria de qualitat. No MACRO-pol\u00edgons per portar <strong>ind\u00fastria qu\u00edmica<\/strong>, ferralla, treball precari i tot el que no volen a la resta de Catalunya. La ciutat de Lleida no necessita m\u00e9s <strong>contaminaci\u00f3<\/strong>, la ubicaci\u00f3 del pol\u00edgon l&#8217;agreujar\u00e0 sens dubte; el vents dominants bufen cap a Lleida. <\/p>\n\n\n\n<p><\/p>\n\n\n<div class=\"wp-block-image\">\n<figure class=\"aligncenter size-full is-resized\"><img loading=\"lazy\" decoding=\"async\" src=\"https:\/\/grealo4pilans.org\/wp-content\/uploads\/2022\/09\/SEVESO.jpg\" alt=\"\" class=\"wp-image-100\" width=\"604\" height=\"448\" srcset=\"https:\/\/grealo4pilans.org\/wp-content\/uploads\/2022\/09\/SEVESO.jpg 399w, https:\/\/grealo4pilans.org\/wp-content\/uploads\/2022\/09\/SEVESO-300x223.jpg 300w\" sizes=\"auto, (max-width: 604px) 100vw, 604px\" \/><figcaption>Extret del PLA DIRECTOR URBAN\u00cdSTIC D\u2019ACTIVITAT ECON\u00d2MICA DE LA PLANA DE LLEIDA<\/figcaption><\/figure>\n<\/div>\n\n<div class=\"wp-block-image\">\n<figure class=\"aligncenter size-full is-resized\"><img loading=\"lazy\" decoding=\"async\" src=\"https:\/\/grealo4pilans.org\/wp-content\/uploads\/2022\/09\/5252fca4cd5a12210c48813f7cc380.jpeg\" alt=\"\" class=\"wp-image-102\" width=\"610\" height=\"389\" srcset=\"https:\/\/grealo4pilans.org\/wp-content\/uploads\/2022\/09\/5252fca4cd5a12210c48813f7cc380.jpeg 380w, https:\/\/grealo4pilans.org\/wp-content\/uploads\/2022\/09\/5252fca4cd5a12210c48813f7cc380-300x192.jpeg 300w\" sizes=\"auto, (max-width: 610px) 100vw, 610px\" \/><figcaption>Les conseq\u00fc\u00e8ncies del accident. Nens amb deformacions, avortaments,&#8230;<\/figcaption><\/figure>\n<\/div>\n\n\n<figure class=\"wp-block-image size-full\"><img loading=\"lazy\" decoding=\"async\" width=\"941\" height=\"585\" src=\"https:\/\/grealo4pilans.org\/wp-content\/uploads\/2022\/09\/seveso_animales.jpg\" alt=\"\" class=\"wp-image-113\" srcset=\"https:\/\/grealo4pilans.org\/wp-content\/uploads\/2022\/09\/seveso_animales.jpg 941w, https:\/\/grealo4pilans.org\/wp-content\/uploads\/2022\/09\/seveso_animales-300x187.jpg 300w, https:\/\/grealo4pilans.org\/wp-content\/uploads\/2022\/09\/seveso_animales-768x477.jpg 768w\" sizes=\"auto, (max-width: 941px) 100vw, 941px\" \/><\/figure>\n\n\n\n<figure class=\"wp-block-image size-full is-resized\"><img loading=\"lazy\" decoding=\"async\" src=\"https:\/\/grealo4pilans.org\/wp-content\/uploads\/2022\/09\/seveso-2.jpg\" alt=\"\" class=\"wp-image-115\" width=\"608\" height=\"435\" srcset=\"https:\/\/grealo4pilans.org\/wp-content\/uploads\/2022\/09\/seveso-2.jpg 475w, https:\/\/grealo4pilans.org\/wp-content\/uploads\/2022\/09\/seveso-2-300x215.jpg 300w\" sizes=\"auto, (max-width: 608px) 100vw, 608px\" \/><\/figure>\n\n\n\n<p>Podeu ampliar informaci\u00f3 al respecte del accident de Seveso, en els seg\u00fcents enlla\u00e7os:<\/p>\n\n\n\n<p><a href=\"https:\/\/www.unabrevehistoria.com\/2008\/05\/el-desastre-de-seveso.html\">El accidente de Seveso<\/a><\/p>\n\n\n\n<p><a href=\"https:\/\/www.infobae.com\/sociedad\/2022\/07\/24\/el-desastre-quimico-de-seveso-el-chernobyl-italiano-que-obligo-a-sacrificar-a-80-mil-animales\/\">El desastre qu\u00edmico de Seveso, el Chernobyl italiano que oblig\u00f3 a sacrificar a 80 mil animales<\/a><\/p>\n\n\n\n<p>No us perdeu els documentals de TV3:<\/p>\n\n\n\n<p><a href=\"https:\/\/www.ccma.cat\/tv3\/alacarta\/sense-ficcio\/es-a-laire\/video\/5972247\/\" target=\"_blank\" rel=\"noreferrer noopener\"><strong>\u00c9s a l&#8217;aire<\/strong><\/a><\/p>\n\n\n\n<p><a href=\"https:\/\/www.ccma.cat\/tv3\/alacarta\/sense-ficcio\/es-a-laire\/video\/5972247\/\" target=\"_blank\" rel=\"noreferrer noopener\">Segons l&#8217;Ag\u00e8ncia Europea del Medi Ambient, el principal focus contaminant de l&#8217;aire que respirem no \u00e9s el tr\u00e0nsit, sin\u00f3 la ind\u00fastria. Al centre del Camp de Tarragona, s&#8217;hi aixeca el Complex Petroqu\u00edmic de Tarragona.<\/a><\/p>\n\n\n\n<p><\/p>\n\n\n\n<p><a href=\"https:\/\/www.ccma.cat\/tv3\/30-minuts\/conviure-amb-el-risc-a-30-minuts\/noticia\/3102973\/\" target=\"_blank\" rel=\"noreferrer noopener\"><strong>&#8220;Conviure amb el risc&#8221;, a &#8220;30 minuts&#8221;<\/strong><\/a><\/p>\n\n\n\n<p><a href=\"https:\/\/www.ccma.cat\/tv3\/30-minuts\/conviure-amb-el-risc-a-30-minuts\/noticia\/3102973\/\" target=\"_blank\" rel=\"noreferrer noopener\">Fa gaireb\u00e9 un any i mig Tarragona va viure el pitjor accident de la hist\u00f2ria de la petroqu\u00edmica. Tres morts, 8 ferits i desenes de danys materials s\u00f3n algunes de les conseq\u00fc\u00e8ncies de l&#8217;explosi\u00f3 de la tarda del 14 de gener del 2020.<\/a><\/p>\n\n\n\n<p>Creiem que cal fomentar l&#8217;autoconsum fotovoltaic, no omplir tot el terme de l\u00ednies el\u00e8ctriques de <strong>Molt Alta Tensi\u00f3<\/strong>. <\/p>\n\n\n\n<p>No creiem que ubicar una nova subestaci\u00f3 el\u00e8ctrica, al costat del barri de Magraners; que ja fa anys en pateix una, sigui massa assenyat.<\/p>\n\n\n<div class=\"wp-block-image\">\n<figure class=\"aligncenter size-full\"><img loading=\"lazy\" decoding=\"async\" width=\"340\" height=\"259\" src=\"https:\/\/grealo4pilans.org\/wp-content\/uploads\/2022\/09\/incendio.jpg\" alt=\"\" class=\"wp-image-105\" srcset=\"https:\/\/grealo4pilans.org\/wp-content\/uploads\/2022\/09\/incendio.jpg 340w, https:\/\/grealo4pilans.org\/wp-content\/uploads\/2022\/09\/incendio-300x229.jpg 300w\" sizes=\"auto, (max-width: 340px) 100vw, 340px\" \/><\/figure>\n<\/div>\n\n\n<p>Tenim un espai \u00fanic que \u00e9s l&#8217;Horta de Lleida, <strong>cal protegir-la<\/strong> <strong>en benefici de tota la ciutadania<\/strong>. Si seguim ignorant la natura, tots en patirem les conseq\u00fc\u00e8ncies.<\/p>\n","protected":false},"excerpt":{"rendered":"<p>Des de l&#8217;associaci\u00f3 defensem un creixement sostenible de Lleida. Tenim importants reptes a l&#8217;horitz\u00f3, el canvi clim\u00e0tic es un fet i cal emprendre mesures fermes per aturar-lo. Lleida aquest estiu n&#8217;est\u00e0 patint els efectes. Creiem que entre tots hem d&#8217;aportar el nostre gra de sorra, per fer-ho possible. Destruir les partides de Greal\u00f3 i Quatre [&hellip;]<\/p>\n","protected":false},"author":1,"featured_media":0,"parent":0,"menu_order":0,"comment_status":"closed","ping_status":"closed","template":"","meta":{"footnotes":""},"class_list":["post-92","page","type-page","status-publish","hentry"],"yoast_head":"<!-- This site is optimized with the Yoast SEO plugin v19.6 - https:\/\/yoast.com\/wordpress\/plugins\/seo\/ -->\n<title>Salvem Lleida ! - Associaci\u00f3 de Ve\u00efns de Torres de Greal\u00f3 i Quatre Pilans de Lleida<\/title>\n<meta name=\"robots\" content=\"index, follow, max-snippet:-1, max-image-preview:large, max-video-preview:-1\" \/>\n<link rel=\"canonical\" href=\"https:\/\/grealo4pilans.org\/\" \/>\n<meta property=\"og:locale\" content=\"ca_ES\" \/>\n<meta property=\"og:type\" content=\"article\" \/>\n<meta property=\"og:title\" content=\"Salvem Lleida ! - Associaci\u00f3 de Ve\u00efns de Torres de Greal\u00f3 i Quatre Pilans de Lleida\" \/>\n<meta property=\"og:description\" content=\"Des de l&#8217;associaci\u00f3 defensem un creixement sostenible de Lleida. Tenim importants reptes a l&#8217;horitz\u00f3, el canvi clim\u00e0tic es un fet i cal emprendre mesures fermes per aturar-lo. Lleida aquest estiu n&#8217;est\u00e0 patint els efectes. Creiem que entre tots hem d&#8217;aportar el nostre gra de sorra, per fer-ho possible. Destruir les partides de Greal\u00f3 i Quatre [&hellip;]\" \/>\n<meta property=\"og:url\" content=\"https:\/\/grealo4pilans.org\/\" \/>\n<meta property=\"og:site_name\" content=\"Associaci\u00f3 de Ve\u00efns de Torres de Greal\u00f3 i Quatre Pilans de Lleida\" \/>\n<meta property=\"article:modified_time\" content=\"2022-09-25T11:10:30+00:00\" \/>\n<meta property=\"og:image\" content=\"https:\/\/grealo4pilans.org\/wp-content\/uploads\/2022\/09\/SEVESO.jpg\" \/>\n<meta name=\"twitter:card\" content=\"summary_large_image\" \/>\n<meta name=\"twitter:label1\" content=\"Temps estimat de lectura\" \/>\n\t<meta name=\"twitter:data1\" content=\"3 minuts\" \/>\n<script type=\"application\/ld+json\" class=\"yoast-schema-graph\">{\"@context\":\"https:\/\/schema.org\",\"@graph\":[{\"@type\":\"WebPage\",\"@id\":\"https:\/\/grealo4pilans.org\/\",\"url\":\"https:\/\/grealo4pilans.org\/\",\"name\":\"Salvem Lleida ! - Associaci\u00f3 de Ve\u00efns de Torres de Greal\u00f3 i Quatre Pilans de Lleida\",\"isPartOf\":{\"@id\":\"https:\/\/grealo4pilans.org\/#website\"},\"datePublished\":\"2022-09-04T09:00:07+00:00\",\"dateModified\":\"2022-09-25T11:10:30+00:00\",\"breadcrumb\":{\"@id\":\"https:\/\/grealo4pilans.org\/#breadcrumb\"},\"inLanguage\":\"ca\",\"potentialAction\":[{\"@type\":\"ReadAction\",\"target\":[\"https:\/\/grealo4pilans.org\/\"]}]},{\"@type\":\"BreadcrumbList\",\"@id\":\"https:\/\/grealo4pilans.org\/#breadcrumb\",\"itemListElement\":[{\"@type\":\"ListItem\",\"position\":1,\"name\":\"Home\",\"item\":\"https:\/\/grealo4pilans.org\/\"},{\"@type\":\"ListItem\",\"position\":2,\"name\":\"Salvem Lleida !\"}]},{\"@type\":\"WebSite\",\"@id\":\"https:\/\/grealo4pilans.org\/#website\",\"url\":\"https:\/\/grealo4pilans.org\/\",\"name\":\"Associaci\u00f3 de Ve\u00efns de Torres de Greal\u00f3 i Quatre Pilans de Lleida\",\"description\":\"\",\"publisher\":{\"@id\":\"https:\/\/grealo4pilans.org\/#organization\"},\"potentialAction\":[{\"@type\":\"SearchAction\",\"target\":{\"@type\":\"EntryPoint\",\"urlTemplate\":\"https:\/\/grealo4pilans.org\/?s={search_term_string}\"},\"query-input\":\"required name=search_term_string\"}],\"inLanguage\":\"ca\"},{\"@type\":\"Organization\",\"@id\":\"https:\/\/grealo4pilans.org\/#organization\",\"name\":\"Associaci\u00f3 de Ve\u00efns de Torres de Greal\u00f3 i Quatre Pilans de Lleida\",\"url\":\"https:\/\/grealo4pilans.org\/\",\"sameAs\":[],\"logo\":{\"@type\":\"ImageObject\",\"inLanguage\":\"ca\",\"@id\":\"https:\/\/grealo4pilans.org\/#\/schema\/logo\/image\/\",\"url\":\"https:\/\/grealo4pilans.org\/wp-content\/uploads\/2022\/08\/WhatsApp-Image-2022-08-28-at-18.40.28-1.jpeg\",\"contentUrl\":\"https:\/\/grealo4pilans.org\/wp-content\/uploads\/2022\/08\/WhatsApp-Image-2022-08-28-at-18.40.28-1.jpeg\",\"width\":1600,\"height\":900,\"caption\":\"Associaci\u00f3 de Ve\u00efns de Torres de Greal\u00f3 i Quatre Pilans de Lleida\"},\"image\":{\"@id\":\"https:\/\/grealo4pilans.org\/#\/schema\/logo\/image\/\"}}]}<\/script>\n<!-- \/ Yoast SEO plugin. -->","yoast_head_json":{"title":"Salvem Lleida ! - Associaci\u00f3 de Ve\u00efns de Torres de Greal\u00f3 i Quatre Pilans de Lleida","robots":{"index":"index","follow":"follow","max-snippet":"max-snippet:-1","max-image-preview":"max-image-preview:large","max-video-preview":"max-video-preview:-1"},"canonical":"https:\/\/grealo4pilans.org\/","og_locale":"ca_ES","og_type":"article","og_title":"Salvem Lleida ! - Associaci\u00f3 de Ve\u00efns de Torres de Greal\u00f3 i Quatre Pilans de Lleida","og_description":"Des de l&#8217;associaci\u00f3 defensem un creixement sostenible de Lleida. Tenim importants reptes a l&#8217;horitz\u00f3, el canvi clim\u00e0tic es un fet i cal emprendre mesures fermes per aturar-lo. Lleida aquest estiu n&#8217;est\u00e0 patint els efectes. Creiem que entre tots hem d&#8217;aportar el nostre gra de sorra, per fer-ho possible. Destruir les partides de Greal\u00f3 i Quatre [&hellip;]","og_url":"https:\/\/grealo4pilans.org\/","og_site_name":"Associaci\u00f3 de Ve\u00efns de Torres de Greal\u00f3 i Quatre Pilans de Lleida","article_modified_time":"2022-09-25T11:10:30+00:00","og_image":[{"url":"https:\/\/grealo4pilans.org\/wp-content\/uploads\/2022\/09\/SEVESO.jpg"}],"twitter_card":"summary_large_image","twitter_misc":{"Temps estimat de lectura":"3 minuts"},"schema":{"@context":"https:\/\/schema.org","@graph":[{"@type":"WebPage","@id":"https:\/\/grealo4pilans.org\/","url":"https:\/\/grealo4pilans.org\/","name":"Salvem Lleida ! - Associaci\u00f3 de Ve\u00efns de Torres de Greal\u00f3 i Quatre Pilans de Lleida","isPartOf":{"@id":"https:\/\/grealo4pilans.org\/#website"},"datePublished":"2022-09-04T09:00:07+00:00","dateModified":"2022-09-25T11:10:30+00:00","breadcrumb":{"@id":"https:\/\/grealo4pilans.org\/#breadcrumb"},"inLanguage":"ca","potentialAction":[{"@type":"ReadAction","target":["https:\/\/grealo4pilans.org\/"]}]},{"@type":"BreadcrumbList","@id":"https:\/\/grealo4pilans.org\/#breadcrumb","itemListElement":[{"@type":"ListItem","position":1,"name":"Home","item":"https:\/\/grealo4pilans.org\/"},{"@type":"ListItem","position":2,"name":"Salvem Lleida !"}]},{"@type":"WebSite","@id":"https:\/\/grealo4pilans.org\/#website","url":"https:\/\/grealo4pilans.org\/","name":"Associaci\u00f3 de Ve\u00efns de Torres de Greal\u00f3 i Quatre Pilans de Lleida","description":"","publisher":{"@id":"https:\/\/grealo4pilans.org\/#organization"},"potentialAction":[{"@type":"SearchAction","target":{"@type":"EntryPoint","urlTemplate":"https:\/\/grealo4pilans.org\/?s={search_term_string}"},"query-input":"required name=search_term_string"}],"inLanguage":"ca"},{"@type":"Organization","@id":"https:\/\/grealo4pilans.org\/#organization","name":"Associaci\u00f3 de Ve\u00efns de Torres de Greal\u00f3 i Quatre Pilans de Lleida","url":"https:\/\/grealo4pilans.org\/","sameAs":[],"logo":{"@type":"ImageObject","inLanguage":"ca","@id":"https:\/\/grealo4pilans.org\/#\/schema\/logo\/image\/","url":"https:\/\/grealo4pilans.org\/wp-content\/uploads\/2022\/08\/WhatsApp-Image-2022-08-28-at-18.40.28-1.jpeg","contentUrl":"https:\/\/grealo4pilans.org\/wp-content\/uploads\/2022\/08\/WhatsApp-Image-2022-08-28-at-18.40.28-1.jpeg","width":1600,"height":900,"caption":"Associaci\u00f3 de Ve\u00efns de Torres de Greal\u00f3 i Quatre Pilans de Lleida"},"image":{"@id":"https:\/\/grealo4pilans.org\/#\/schema\/logo\/image\/"}}]}},"_links":{"self":[{"href":"https:\/\/grealo4pilans.org\/index.php?rest_route=\/wp\/v2\/pages\/92","targetHints":{"allow":["GET"]}}],"collection":[{"href":"https:\/\/grealo4pilans.org\/index.php?rest_route=\/wp\/v2\/pages"}],"about":[{"href":"https:\/\/grealo4pilans.org\/index.php?rest_route=\/wp\/v2\/types\/page"}],"author":[{"embeddable":true,"href":"https:\/\/grealo4pilans.org\/index.php?rest_route=\/wp\/v2\/users\/1"}],"replies":[{"embeddable":true,"href":"https:\/\/grealo4pilans.org\/index.php?rest_route=%2Fwp%2Fv2%2Fcomments&post=92"}],"version-history":[{"count":16,"href":"https:\/\/grealo4pilans.org\/index.php?rest_route=\/wp\/v2\/pages\/92\/revisions"}],"predecessor-version":[{"id":128,"href":"https:\/\/grealo4pilans.org\/index.php?rest_route=\/wp\/v2\/pages\/92\/revisions\/128"}],"wp:attachment":[{"href":"https:\/\/grealo4pilans.org\/index.php?rest_route=%2Fwp%2Fv2%2Fmedia&parent=92"}],"curies":[{"name":"wp","href":"https:\/\/api.w.org\/{rel}","templated":true}]}}